{"id":11502,"date":"2019-03-21T15:20:48","date_gmt":"2019-03-21T20:20:48","guid":{"rendered":"https:\/\/colproceres.edu.co\/web\/?page_id=11502"},"modified":"2019-07-11T11:20:48","modified_gmt":"2019-07-11T16:20:48","slug":"nuestro-colegio","status":"publish","type":"page","link":"https:\/\/colproceres.edu.co\/web\/nuestro-colegio\/","title":{"rendered":"Nuestro Colegio"},"content":{"rendered":"<div class=\"wpb-content-wrapper\"><p>[vc_row][vc_column]<div class=\"thim-widget-heading template-base\"><div class=\"sc_heading  text-center\"><h3 style=\"font-size:35px;font-weight:600;\" class=\"title\">Informaci\u00f3n <strong>Institucional<\/strong><\/h3><\/div><\/div>[\/vc_column][\/vc_row][vc_row css=\u00bb.vc_custom_1559531433775{margin-bottom: 15px !important;}\u00bb][vc_column width=\u00bb1\/2&#8243; css=\u00bb.vc_custom_1562860692881{margin-bottom: 30px !important;}\u00bb][vc_column_text]<\/p>\n<h3 class=\"thim-text-title\">Misi\u00f3n<\/h3>\n<p>El Colegio Los Pr\u00f3ceres forma l\u00edderes y transformadores de su entorno, por medio de la adquisici\u00f3n y vivencias de saberes, el desarrollo de competencias y la investigaci\u00f3n, con un \u00e9nfasis en la pr\u00e1ctica de valores, acompa\u00f1ados de un excelente equipo de talento humano, propendiendo por el bienestar y la felicidad de nuestros estudiantes y su desarrollo arm\u00f3nico con sus familias, la sociedad y el medio ambiente.[\/vc_column_text][\/vc_column][vc_column width=\u00bb1\/2&#8243; css=\u00bb.vc_custom_1562860681384{margin-bottom: 30px !important;}\u00bb][vc_column_text]<\/p>\n<h3 class=\"thim-text-title\">Visi\u00f3n<\/h3>\n<p>El Colegio Los Pr\u00f3ceres, ser\u00e1 reconocida como una de las cinco mejores instituciones educativas de Norte de Santander por su excelencia acad\u00e9mica y ser\u00e1 un referente por su formaci\u00f3n integral en valores y desarrollo investigativo.[\/vc_column_text][\/vc_column][\/vc_row][vc_row][vc_column][vc_tta_tabs][vc_tta_section title=\u00bbFILOSOF\u00cdA INSTITUCIONAL\u00bb tab_id=\u00bb1553201553639-a4a157b2-0618&#8243;][vc_column_text]El Colegio Los Pr\u00f3ceres es una Instituci\u00f3n Privada que se rige por las disposiciones y leyes emanadas por el Ministerio de Educaci\u00f3n Nacional y de conformidad con el Art\u00edculo 67 de la Constituci\u00f3n Pol\u00edtica de Colombia y la Ley 115, quienes dan las pautas para una formaci\u00f3n moral y una educaci\u00f3n de personas capaces de tomar decisiones aut\u00f3nomas y responsables.Somos un colegio esencialmente democr\u00e1tico, respetuoso de todas las ideas y creencias sin ning\u00fan tipo de exclusiones ni tratos preferenciales, fundamentado en los ideales de libertad e integraci\u00f3n de Sim\u00f3n Bol\u00edvar, y del humanismo y defensa a la igualdad de Francisco de Paula Santander. Nuestro prop\u00f3sito es el de formar personas cr\u00edticas de la realidad que vivimos en nuestra sociedad para que planteen alternativas que transformen positivamente su entorno. Para lograrlo, nuestra estrategia pedag\u00f3gica se enfoca en la adquisici\u00f3n y vivencias de saberes (Aprender a Conocer, Aprender a Hacer, Aprender a Vivir Juntos y Aprender a Ser), el desarrollo de competencias (ciudadanas, b\u00e1sicas y laborales) y en la consulta e investigaci\u00f3n.Consideramos al estudiante como centro, fin y sentido de la acci\u00f3n educativa por lo tanto nuestra filosof\u00eda es de car\u00e1cter humanista, encaminada a una formaci\u00f3n integral basada en valores y en el respeto a los derechos humanos, la paz, la democracia y la recreaci\u00f3n para el mejoramiento de la convivencia social y ambiental.De igual forma, valoramos a nuestro equipo docente como articuladores y gu\u00edas que escuchan y se acercan a nuestros estudiantes para encaminarlos hacia el conocimiento y el desarrollo \u00e9tico y humano.<\/p>\n<p>Promovemos el esp\u00edritu de participaci\u00f3n comunitaria creando una identidad y fortaleciendo el sentido de pertenencia que haga de nuestro Proyecto Educativo Institucional un proyecto de vida digna y de convivencia pac\u00edfica.[\/vc_column_text][\/vc_tta_section][vc_tta_section title=\u00bbRESE\u00d1A HIST\u00d3RICA\u00bb tab_id=\u00bb1553201553661-4cb8a9a4-11b5&#8243;][vc_column_text]<\/p>\n<div id=\"my-tab-content\" class=\"tab-content\">\n<div id=\"section-1\" class=\"tab-pane fade active in\">\n<p>El d\u00eda 21 de enero de 1985 en San Jos\u00e9 de C\u00facuta se fund\u00f3 el colegio los Pr\u00f3ceres, propiedad de ANA CECILIA NOVOA DE ARDILA y bajo la direcci\u00f3n de Norma Constanza Bautista, ubicado en la calle 4 # 7E \u2013 143 del Barrio Quinta Oriental. Este Colegio se fund\u00f3 con el prop\u00f3sito de ofrecer a la ni\u00f1ez una esmerada educaci\u00f3n a precios m\u00f3dicos. Este nombre se le di\u00f3 con el fin de reunir en uno solo, las im\u00e1genes de los principales personajes de nuestra Historia Patria, como son el Libertador Sim\u00f3n Bol\u00edvar y el General Francisco de Paula Santander.Con este prop\u00f3sito se solicit\u00f3 a la Secretaria de Educaci\u00f3n el visto bueno para abrir cursos; en visita posterior hecha por la se\u00f1ora supervisora Isbeli Cruz de Serrano, quien constat\u00f3 la documentaci\u00f3n `presentada y rindi\u00f3 conceptos favorables, otorgando por medio de la Secretaria de Educaci\u00f3n la licencia de funcionamiento, seg\u00fan resoluci\u00f3n 020 de febrero 6 de 1985, inici\u00e1ndose labores el d\u00eda 2 de febrero de 1985.<\/p>\n<p>En abril de ese mismo a\u00f1o, se organiz\u00f3 la primera Asociaci\u00f3n de Padres de Familia, con el prop\u00f3sito de establecer la comunidad educativa y buscar apoyo un\u00e1nime en actividades que contribuyeran en el mejoramiento y logros del proceso educativo.<\/p>\n<p>El colegio cont\u00f3 para ese a\u00f1o con la siguiente n\u00f3mina de profesores y personal administrativo.<\/p>\n<p>\u2022 Directora: Norma Constanza Bautista.<br \/>\n\u2022 Profesora Coordinadora de Estudio y Disciplina: Ana Cecilia Novoa de Ardila.<br \/>\n\u2022 Cuerpo Docente: Diosa Su\u00e1rez, Gisela Duarte., Nubia Su\u00e1rez y Luz Mery Meza.<br \/>\n\u2022 Secretaria: Mar\u00eda del Carmen Barajas.<\/p>\n<p>A partir de 1986, qued\u00f3 bajo la direcci\u00f3n de Ana Cecilia Novoa de Ardila.<\/p>\n<p>1986, implica la creaci\u00f3n del grado 5\u00ba B\u00e1sica Primaria, para el cual se solicit\u00f3 visita con el fin de obtener la ampliaci\u00f3n de licencia para este curso y que fue hecha por el se\u00f1or supervisor Germ\u00e1n Gonz\u00e1les, quien present\u00f3 informe favorable a la Secretaria de Educaci\u00f3n, esto mediante resoluci\u00f3n 457 de diciembre 10 de 1985, le concede nueva licencia para el grado 5\u00ba de B\u00e1sica Primaria, este mismo a\u00f1o por intermedio del Supervisor de la Secretaria de Educaci\u00f3n Alirio Lizcano, asesor\u00f3 la instituci\u00f3n para posteriormente recibir la visita de los se\u00f1ores Supervisores Alirio Lizcano, Leopoldo Corredor y Ram\u00f3n Jos\u00e9 Duran, los cuales permanecieron en la instituci\u00f3n desde el 21 al 24 de julio de 1986, quienes dieron conceptos favorables, es por esto que el 31 de octubre se recibi\u00f3 por el M.E.N por un tiempo de cuatro a\u00f1os (1986 \u2013 1989 inclusive).<\/p>\n<p>\u2022 En el a\u00f1o 1986 se sac\u00f3 la primera promoci\u00f3n de quinto con un total de 10 alumnos.<br \/>\n\u2022 A\u00f1o tras a\u00f1o se ha mantenido un promedio de 15 \u2013 20 alumnos en este grado.<\/p>\n<p>\u2022 Cabe destacar que durante estos cuatro a\u00f1os se fueron subsanando y desarrollando las observaciones dejadas por los se\u00f1ores supervisores.<\/p>\n<p>\u2022 A\u00f1o 1990 se solicit\u00f3 asesor\u00eda y visita de aprobaci\u00f3n a Secretaria de Educaci\u00f3n Departamental (segunda visita).<\/p>\n<p>\u2022 La asesor\u00eda fue realizada por el se\u00f1or Supervisor Germ\u00e1n Gonz\u00e1lez y la visita para la legalizaci\u00f3n de estudios fue hecha por los se\u00f1ores Leopoldo Corredor Blanco y Clodomiro Rinc\u00f3n Lemus a partir del 10 \u2013 14 de Septiembre; esta gener\u00f3 nueva resoluci\u00f3n por un tiempo de 6 a\u00f1os; este a\u00f1o se sac\u00f3 una promoci\u00f3n de 17 alumnos (5\u00ba grado).<\/p>\n<p>\u2022 1991 la promoci\u00f3n fue de doce alumnos, hubo mejoramiento de planta f\u00edsica, compra de material did\u00e1ctico y otros objetos tales como: enfriadores y computadores.<\/p>\n<p>\u2022 1992, se solicit\u00f3 visita de aprobaci\u00f3n de Pre \u2013 escolar la cual fue hecha por los se\u00f1ores supervisores Gladys Mar\u00eda L\u00f3pez Y Adela Rico Caicedo, por lo que la Secretaria de Educaci\u00f3n Departamental eman\u00f3 la Resoluci\u00f3n 919 del 31 de Agosto por un periodo de 6 a\u00f1os.<\/p>\n<p>\u2022 A partir de 1993 a 1995 se hicieron arreglos de la planta f\u00edsica, construcciones de aulas en el tercer piso, compra de mobiliario y fotocopiadora, se recibi\u00f3 la visita de la Junta Reguladora de Matr\u00edculas y pensiones, encontrando todo dentro de las normas legales establecidas.<\/p>\n<p>\u2022 A partir de 1995 se inici\u00f3 la organizaci\u00f3n del Gobierno Escolar quedando estipulado as\u00ed:<\/p>\n<p>\uf0d8 Consejo de Padres: se hizo el 4 de 1995 el cual se realiz\u00f3 en forma democr\u00e1tica, un representante por curso.<br \/>\n\uf0d8 Representante Jard\u00edn: PEDRO RAFAEL S\u00c1NCHEZ<br \/>\n\uf0d8 Representante Transici\u00f3n: MAR\u00cdA ELENA RAM\u00cdREZ<br \/>\n\uf0d8 Representante Primero: BEATRIZ RESTREPO<br \/>\n\uf0d8 Representante Segundo: OLGA NIELSEN<br \/>\n\uf0d8 Representante Tercero: JUDITH ESPINEL Y YANETH VALENCIA<br \/>\n\uf0d8 Representante Cuarto: ORLANDO CASTELLANOS<br \/>\n\uf0d8 Representante Quinto: LIGIA ESTELLA P\u00c1EZ<\/p>\n<p>\u2022 El Representante al Consejo Directivo elegido democr\u00e1ticamente en asamblea general fue YANETH VALENCIA.<\/p>\n<p>\u2022 El representante al consejo directivo del consejo de padres fue CARMEN BARAJAS.<br \/>\n\u2022 Los mismos padres representante de cada curso conformaron la asociaci\u00f3n de de padres de familia quedando as\u00ed:<\/p>\n<p>\uf0d8 Presidente: ORLANDO CASTELLANOS<br \/>\n\uf0d8 Vicepresidente: OLGA NIELSEN<br \/>\n\uf0d8 Tesorera: MAR\u00cdA ELENA RAM\u00cdREZ<br \/>\n\uf0d8 Revisor Fiscal: CARMEN BARAJAS<br \/>\n\uf0d8 Secretaria: LIGIA ESTELLA D\u00cdAZ<br \/>\n\uf0d8 Vocales: JUDITH ESPINEL, PEDRO RAFAEL S\u00c1NCHEZ, YANETH VALENCIA, BEATRIZ RESTREPO.<\/p>\n<p>\u2022 Representante de los padres al Consejo Directivo fueron: GISELA DUARTE Y CLAUDIA ARDILA.<\/p>\n<p>\u2022 1996 se solicit\u00f3 a la Secretaria de Educaci\u00f3n nueva visita de aprobaci\u00f3n de estudios para la b\u00e1sica primaria realiz\u00e1ndola el se\u00f1or Supervisor Rub\u00e9n Dar\u00edo Flores, quien dio un concepto favorable y de la que se obtuvo una nueva Resoluci\u00f3n por un tiempo de nueve a\u00f1os, este mismo a\u00f1o se solicit\u00f3 ampliaci\u00f3n para el grado 6\u00ba de b\u00e1sica Secundaria, petici\u00f3n realizada por los padres de familia, quienes quisieron que sus hijos continuaran en la instituci\u00f3n.<\/p>\n<p>\u2022 Antes de solicitar la ampliaci\u00f3n para la b\u00e1sica secundaria, el se\u00f1or Armando Herrera supervisor de Secretaria de educaci\u00f3n, realiz\u00f3 la respectiva asesor\u00eda.<\/p>\n<p>\u2022 En Octubre de 1996, la Secretaria de Educaci\u00f3n Departamental eman\u00f3 la licencia de iniciaci\u00f3n de labores para el grado sexto que abri\u00f3 sus puertas febrero 2 de 1997; en el transcurso de este a\u00f1o se solicit\u00f3 a la Secretaria visita para la respectiva aprobaci\u00f3n de este grado, pero que no se llev\u00f3 a cabo, puesto que la ley 115 habla y acredita que se har\u00e1 con la socializaci\u00f3n del PEI.<\/p>\n<p>\u2022 Tambi\u00e9n en este mismo a\u00f1o (1997) hicieron asesor\u00edas para reforzar el PEI los se\u00f1ores supervisores \u00c1lvaro Santos en la fecha correspondiente al 30 de abril, quien reuni\u00f3 a la comunidad Educativa y les habl\u00f3 sobre el Plan de Decenal y de cada una del componente del PEI; en septiembre 25 y 26 el se\u00f1or Supervisor Clodomiro Rinc\u00f3n realiz\u00f3 la capacitaci\u00f3n y asesor\u00eda sobre todos los componentes del PEI.<\/p>\n<p>\u2022 En 1997 se inicia el bachillerato con grado 6 \u00ba, para darle continuidad acad\u00e9mica a nuestros educandos de primaria se hace inscripci\u00f3n de la propuesta del PEI y qued\u00f3 registrado con el n\u00famero 576 del 6 de abril de 1998.<\/p>\n<p>\u2022 En Noviembre de 1997 los Se\u00f1ores Supervisores, \u00c1lvaro Santos y Clodomiro Rinc\u00f3n se presentaron en la Instituci\u00f3n para comunicar que se pod\u00eda ampliar el grado s\u00e9ptimo para 1998.<br \/>\n\u2022 Este curso inicio labores el 2 de febrero.<\/p>\n<p>\u2022 Durante 1995, 1996, 1997 y lo que va del 98 se ha trabajado intensamente en el PEI, evaluando, reestructurando siempre con autonom\u00eda de forma participativa y bajo los par\u00e1metros que dicta la ley.<\/p>\n<p>\u2022 El 31 de marzo de 1998 se hizo la socializaci\u00f3n del PEI en la que particip\u00f3 la Comunidad Educativa del Colegio los Pr\u00f3ceres.<\/p>\n<p>\u2022 Se continua con grado 7\u00ba, promoci\u00f3n que viene de grado 6\u00ba; se socializo el PEI con la participaci\u00f3n de todos los estamentos de la Comunidad Educativa, resaltando cada uno de los componentes del PEI con dramas, danzas, entrevistas y obras de teatro, los cuales fueron evaluados por los supervisores Gladys Mery Mora, Fernando Parada, Clodomiro Rinc\u00f3n, \u00c1lvaro Santos y el se\u00f1or Jefe de N\u00facleo 11 Calixto Ram\u00f3n Rodr\u00edguez, estos se\u00f1ores dieron un visto favorable por todo lo observado y luego el se\u00f1or supervisor \u00c1lvaro Santo se dirigi\u00f3 a la comunidad para motivar a que continuar\u00e1n trabajando para la buena marcha de la instituci\u00f3n, coment\u00f3 que se har\u00edan visitas a la instituci\u00f3n posteriormente para rectificar lo le\u00eddo en el PEI.<\/p>\n<p>\u2022 La socializaci\u00f3n se hizo en el auditorio de la Universidad Francisco de Paula Santander.<\/p>\n<p>\u2022 La visita se realiz\u00f3 el 29 de julio de 1998, convoc\u00e1ndose al Consejo Directivo para rectificar cada componente del PEI y el plan Operativo, esta visita fue hecha por los se\u00f1ores supervisores Gladys Mery Mora y Fernando Parada.<\/p>\n<p>\u2022 En Noviembre 17 de 1998, nos lleg\u00f3 la licencia de funcionamiento 002704 donde se da cobertura hasta grado 11\u00ba en dicho reconocimiento oficial.<\/p>\n<p>\u2022 Durante este a\u00f1o 1998 se eligi\u00f3 el gobierno en febrero y marzo haci\u00e9ndose democr\u00e1ticamente, se eligi\u00f3 el personero y se organizaron talleres para padres.<\/p>\n<p>\u2022 1999 se elabora el plan de de estudio partiendo del perfil del estudiante, criterios, metodolog\u00eda y objetivos institucionales; se elaboran objetivos, logros e indicadores de logros por \u00e1reas y periodo para la evaluaci\u00f3n.<\/p>\n<p>\u2022 Se realizaron actividades y deportivas y culturales de integraci\u00f3n con instituciones de nuestro entorno.<\/p>\n<p>\u2022 El Colegio se destac\u00f3 en la Universidad Francisco de Paula Santander en el curso de Matem\u00e1ticas con la alumna Karina R\u00edos, al igual particip\u00f3 en danzas, m\u00fasica, dibujo y feria de la creatividad y ciencia en el festival cient\u00edfico cultural del n\u00facleo, el trabajo de ciencia fue denominado \u201cObtenci\u00f3n del gas metano a partir de la bosta de caballo\u201d.<\/p>\n<p>\u2022 A nivel Municipal se obtuvo el primer puesto en lanzamiento de Jabalina y salto largo con el alumno Leonardo Rodr\u00edguez.<\/p>\n<p>\u2022 La se\u00f1ora directora obtiene la medalla de Excelencia educativa a trav\u00e9s del n\u00facleo 11\u00b0 el 18 de noviembre de 1999.<\/p>\n<p>\u2022 Los alumnos y docentes se solidarizaron con las internas del Buen Pastor y por intermedio de las directivas de la instituci\u00f3n se env\u00edan \u00fatiles de aseo y se programa un acto cultural para recrear dichas reclusas.<\/p>\n<p>\u2022 2000 Se entrega a la comunidad la primera promoci\u00f3n de estudiantes de B\u00e1sica Secundaria.<\/p>\n<p>\u2022 Se celebran los 15 a\u00f1os de la instituci\u00f3n en las que se destacan actividades de integraci\u00f3n cultural, social y deportiva, en la que participan alumnos, padres de familia, docentes y entidades educativas.<\/p>\n<p>\u2022 El Colegio participa en olimpiadas de Ciencias Naturales y Matem\u00e1ticas en Colegio Calasanz, en los que ocupa grado 5\u00ba los dos primeros puestos y las dem\u00e1s categor\u00edas fueron puestos bastantes relevantes.<\/p>\n<p>\u2022 Se participa en las actividades culturales de Andercop, se ocupa el primer lugar en modelaje masculino y el tercer lugar en coreograf\u00eda individual.<\/p>\n<p>\u2022 El Colegio los Pr\u00f3ceres realiza las Olimpiadas de Ciencia Naturales y Matem\u00e1ticas con motivo de los 15 a\u00f1os, participan Colegios Invitados: La Salle, Seminario Menor, Comfaoriente, Lucecitas, Abeja Maya, Santa Teresa de Lissiuex.<\/p>\n<p>\u2022 Se hace la elecci\u00f3n de cada uno de los estamentos que conforman el gobierno escolar en el tiempo establecido.<\/p>\n<p>\u2022 La Directora recibe capacitaci\u00f3n en ANDERCOP y de otras personas capacitadas con quienes se ha ido construyendo la estructura curricular.<\/p>\n<p>\u2022 Se dot\u00f3 el laboratorio con material para Qu\u00edmica y F\u00edsica y se mejor\u00f3 el equipo de amplificaci\u00f3n de sonido.<\/p>\n<p>\u2022 Para el desarrollo de los estudiantes se hacen convivencias dentro de la ciudad y en la ciudad de Pamplona, donde se asisti\u00f3 con el grado 9\u00ba a la Casa de Anzo\u00e1tegui, la Universidad de Pamplona; se hace socializaci\u00f3n del proyect\u00f3 de Valores, debido al desarrollo del mismo PEI \u201cAL RESCATE DE LOS VALORES PERDIDOS PARA UNA CONVIVENCIA PAC\u00cdFICA\u201d.<\/p>\n<p>\u2022 Se hace evaluaci\u00f3n del PEI, tom\u00e1ndose en cuenta el Plan Operativo que se viene desarrollando desde 1998 y el Plan de Acci\u00f3n del 2000.<\/p>\n<p>\u2022 2001 El desarrollo de la Comunidad.<\/p>\n<p>\u2022 Se proporcionan esfuerzos que permitan informaci\u00f3n oportuna de padres de familia y alumno(a) sobre el desempe\u00f1o integral, entreg\u00e1ndose en forma personalizada los desempe\u00f1os acad\u00e9micos y disciplinarios los cuales permiten encontrar debilidades y fortalezas en cada uno de ellos, que a su vez presentaron buena estrategia que consolidaron el aspecto acad\u00e9mico y disciplinario.<br \/>\n\u2022 Se interactu\u00f3 con otras instituciones educativas en competencias pedag\u00f3gicas como olimpiadas de Ciencias Naturales y educaci\u00f3n Ambiental y Qu\u00edmica en el Colegio Calasanz obteniendo los siguientes puestos:<br \/>\n\u2022 Primer Puesto Biolog\u00eda 10\u00ba Grado Karina R\u00edos.<br \/>\n\u2022 Segundo Puesto Ciencias Naturales y Educaci\u00f3n ambiental 6\u00ba Grado Mar\u00eda Consuelo Medina.<br \/>\n\u2022 Tercer puesto Ciencias Naturales y Educaci\u00f3n Ambiental 5\u00ba Grado Diego Rodr\u00edguez.<\/p>\n<p>\u2022 Los Pr\u00f3ceres organiz\u00f3 olimpiadas de Ciencias Naturales y Matem\u00e1ticas, invitando otras instituciones y se hicieron actividades proyectadas a la comunidad con visita a: Biblioteca P\u00e9rez Ferreiro, CORPONOR, U.F.P.S. Universidad de Pamplona, Jard\u00edn Bot\u00e1nico, Museo Anzo\u00e1tegui, Comunidad Navarro Wolf y fundaciones Universitarias (Hotel Bol\u00edvar.)<\/p>\n<p>\u2022 Se Hizo la elecci\u00f3n de todos los estamentos del gobierno escolar en las fechas estipuladas.<\/p>\n<p>\u2022 En el a\u00f1o 2002 el Colegio Los Pr\u00f3ceres entreg\u00f3 al pa\u00eds la primera PROMOCI\u00d3N de 25 bachilleres destac\u00e1ndose en las pruebas ICFES, quedando en el nivel ALTO, ocupando el puesto 23.<\/p>\n<p>\u2022 Los siguientes alumnos ocuparon el primero, segundo y tercer puesto respectivamente:<br \/>\n1\u00ba puesto: Yesmit Karina R\u00edos<br \/>\n2\u00ba puesto: Erika Gonz\u00e1lez Castilla<br \/>\n3\u00ba puesto: Ronny Fabian Gelvez Campos<\/p>\n<p>\u2022 Se llevaron a cabo las pruebas SABER en grado 5\u00ba y 9\u00ba, no se conoci\u00f3 el resultado.<br \/>\n\u2022 El colegio interactu\u00f3 con otras instituciones, destac\u00e1ndose en Danzas, Teatro y M\u00fasica.<\/p>\n<p>\u2022 A nivel pedag\u00f3gico interactu\u00f3 con el colegio Calasanz en el \u00e1rea de Ciencias Naturales, ubic\u00e1ndose en buenos puestos.<\/p>\n<p>\u2022 El Colegio se hizo participe en el proyecto L\u00edderes Siglo XXI, donde ha recibido capacitaci\u00f3n en diferentes \u00e1reas y ha conformado el plan estrat\u00e9gico de acuerdo a los lineamientos. Este proyecto lo patrocina MEAL de Colombia.<\/p>\n<p>\u2022 A\u00f1o 2003 segunda promoci\u00f3n de Bachilleres con un total de 12 alumnos, puesto de ubicaci\u00f3n 18 nivel ALTO.<\/p>\n<p>\u2022 Los siguientes alumnos ocuparon el primero, segundo y tercer puesto respectivamente:<br \/>\n1\u00ba Puesto: Wilmer Fl\u00f3rez Leal<br \/>\n2\u00ba Puesto: Luis Gerardo Novoa D\u00edaz<br \/>\n3\u00ba Puesto: Carlos Mauricio Villamizar<\/p>\n<p>\u2022 Se contin\u00faa con Lideres Siglo XXI, se realizan pruebas SABER, se aplican evaluaci\u00f3n seg\u00fan 230, est\u00e1ndares curriculares y competencias.<\/p>\n<p>\u2022 Las pruebas SABER se aplican en 5\u00ba y 11\u00ba siguiendo instrucciones emanadas por el MEN.<\/p>\n<p>\u2022 Se amplia el Bloque B aportando comodidad al estudiantado y a toda la comunidad Proceriana.<\/p>\n<p>A\u00d1O 2004<\/p>\n<p>\u2022 El Colegio continua llevando a cabo el desarrollo de los estudiantes a trav\u00e9s curriculares y extracurriculares como:<br \/>\n\u2022 Elecci\u00f3n del gobierno de escolar, quedando Sim\u00f3n O. P\u00e9rez (personero Consejo Estudiantil) manual de docentes, consejo directivo, Asociaci\u00f3n Consejo de Padres, consejo acad\u00e9mico y consejo de evaluaci\u00f3n y promoci\u00f3n.<br \/>\n\u2022 Se instaur\u00f3 convenios con otras Instituciones:<br \/>\n\u2022 Jornadas deportivas, intercolegiados e intercalases.<br \/>\n\u2022 Olimp\u00edadas de ciencias Naturales de la mano con la ciencia, donde participan todos los estudiantes, padres de familia y docentes en la Feria de la Ciencia y la Creatividad.<br \/>\n\u2022 Invitaci\u00f3n a todas las instituciones que se hagan participe en conocimientos de biolog\u00eda, f\u00edsica y qu\u00edmica.<br \/>\n\u2022 El colegio se hizo participe en el evento de Ciencias Naturales en el colegio Calasanz, destac\u00e1ndose en los primeros puestos, Mar\u00eda Consuelo Mediana de 9\u00ba grado, Cristian Laguado de 6\u00ba grado y Sebasti\u00e1n Duarte del Grado 5\u00ba.<br \/>\n\u2022 Este a\u00f1o se realiz\u00f3 la tercera promoci\u00f3n de bachillerato con un total de 19 estudiantes puesto de ubicaci\u00f3n en el ICFES alto; primer puesto Andr\u00e9s Vargas; segundo puesto Gregorio Ascanio; Tercer puesto Cristian Gelves; primer puesto acad\u00e9mico Fred Acevedo.<br \/>\n\u2022 Las pruebas Saber se aplicaron a quinto y noveno grados, como prueba control de competencias Ciudadana, Matem\u00e1ticas y Lenguas.<br \/>\n\u2022 La Se\u00f1ora Rectora fuera galardonada Menci\u00f3n.<\/p>\n<p>A\u00d1O 2005<\/p>\n<p>\u2022 Se promocionan 14 bachilleres nivel alto ante el ICFES.<br \/>\n\u2022 Los siguientes estudiantes ocuparon los tres primeros puestos en el ICFES: primer puesto Ra\u00fal Jaimes; segundo puesto Giovanni Mora; tercer puesto Andr\u00e9s Dar\u00edo Soto.<br \/>\n\u2022 Primer puesto Acad\u00e9mico: Cinthia Cristina Rinc\u00f3n.<br \/>\n\u2022 Se aplico `pruebas saber en los grados 5\u00ba y 9\u00ba.<br \/>\n\u2022 Se realiz\u00f3 integraci\u00f3n con otras instituciones educativas a nivel Pedag\u00f3gico en olimpiadas a nivel deportivo con f\u00fatbol, b\u00e1squet y atletismo.<br \/>\n\u2022 Nos acompa\u00f1o la personera Marly Luque del grado 11\u00ba.<br \/>\n\u2022 El ni\u00f1o Jefferson Laguado participo del evento cultural \u00c1ngel de Cristal en el Colegio Santo \u00c1ngel de la Guarda ocupando el quinto puesto en canto.<br \/>\n\u2022 Se aprob\u00f3 en Consejo Acad\u00e9mico el manejo de gu\u00edas para el a\u00f1o 2006, y de esta manera eliminar el manejo de textos educativos.<br \/>\n\u2022<\/p>\n<p>A\u00d1O 2006<br \/>\n\u2022 Se inici\u00f3 trabajando con gu\u00edas en lo que va corrido del a\u00f1o se han realizado eventos sociales como:<br \/>\n\uf0d8 El d\u00eda de la mujer, el d\u00eda del hombre.<\/p>\n<p>\u2022 Eventos culturales como la socializaci\u00f3n de proyectos en que participo la Defensa Civil con su representante quien realiz\u00f3 una charlas sobre prevenci\u00f3n de desastres, as\u00ed mismo la Biblioteca P\u00fablica con su conferencista quien realiz\u00f3 una charla sobre Glamour y etiqueta para reforzar el proyecto de urbanidad; la Casa de la Cultura quien particip\u00f3 de manera activa a trav\u00e9s de la representaci\u00f3n de cuentistas.<br \/>\n\u2022 Los docentes, padres y estudiantes participaron activamente para la realizaci\u00f3n de este evento baj\u00f3 la direcci\u00f3n de la Coordinadora Acad\u00e9mica y Psic\u00f3loga Sandra Patricia Ardila.<br \/>\n\u2022 los proyectos fueron socializados en forma l\u00fadica \u2013 pedag\u00f3gico y con est\u00e1n fueron:<br \/>\n\uf0d8 Educaci\u00f3n Sexual, Democracia y Medio Ambiente.<br \/>\n\uf0d8 Prevenci\u00f3n de Desastres, Educaci\u00f3n Vial.<br \/>\n\uf0d8 Interculturalidad (Afro colombiano, Santanderino, Proceriano).<br \/>\n\uf0d8 Deporte, recreaci\u00f3n y aprovechamiento del tiempo libre, L\u00fadico.<br \/>\n\uf0d8 Educaci\u00f3n C\u00edvica y Urbanidad, Valores.<\/p>\n<p>\u2022 Se esta evaluando a docentes y estudiantes aplicando:<br \/>\n\uf0d8 Coevaluaci\u00f3n, Autoevaluci\u00f3n y Heteroevalauci\u00f3n.<\/p>\n<p>\u2022 La elecci\u00f3n del gobierno escolar se llev\u00f3 a cabo acorde a la reglamentaci\u00f3n del MEN.<br \/>\n\u2022 Elecci\u00f3n de los representantes de Padres de Familia: Representante al consejo Directivo.<br \/>\n\u2022 Representante al Consejo de Padres.<br \/>\n\u2022 Representantes a la Junta de Padres de familia.<br \/>\n\u2022 Representantes al comit\u00e9 de Evaluaci\u00f3n y Promoci\u00f3n.<br \/>\n\u2022 Estudiantes:<br \/>\n\u2022 Representante de grado<br \/>\n\u2022 Consejo Estudiantil.<br \/>\n\u2022 Represente al Consejo Directivo.<br \/>\n\u2022 Personero de la Instituci\u00f3n: Carolina Sua del grado 11\u00ba.<br \/>\n\u2022 Docentes:<br \/>\n\u2022 Consejo Acad\u00e9mico.<br \/>\n\u2022 Representante del consejo acad\u00e9mico.<br \/>\n\u2022 Comisi\u00f3n de Evaluaci\u00f3n y promoci\u00f3n.<\/p>\n<p>\u2022 Festival de la ECSORA DORADA con el fin de resaltar el arte , cultura y nuestra flor regional<\/p>\n<p>2007<br \/>\n\u2022 Se logra dar sentido a la formaci\u00f3n aut\u00f3noma a partir del modelo pedag\u00f3gico institucional<br \/>\n\u2022 Claridad en la formulaci\u00f3n de la raz\u00f3n de ser de la Instituci\u00f3n Educativa y su proyecci\u00f3n futura.<br \/>\n\u2022 Claridad en la concepci\u00f3n del tipo de persona que la Instituci\u00f3n desea formar.<br \/>\n.<br \/>\n\u2022 Claridad, Compresi\u00f3n y Participaci\u00f3n activa de docentes, directivos y personal administrativo en la definici\u00f3n y puesta en pr\u00e1ctica del horizonte institucional y su contribuci\u00f3n al logro de los objetivos y metas de la Instituci\u00f3n.<br \/>\n\u2022 Apropiaci\u00f3n por parte de la comunidad educativa de la compresi\u00f3n y aplicaci\u00f3n de los procesos: Direccionamiento estrat\u00e9gico, seguimiento y evaluaci\u00f3n, comunicaci\u00f3n, alianzas, clima institucional y gobierno escolar orientados a facilitar la coordinaci\u00f3n e integraci\u00f3n de los procesos institucionales y la inclusi\u00f3n de la I.E. en los contextos local y regional.<br \/>\n\u2022 existencia de Procedimientos democr\u00e1ticos y participaci\u00f3n para la conformaci\u00f3n y actuaci\u00f3n de los diferentes \u00f3rganos del Gobierno Educativo.<br \/>\n\u2022 Evidencia de que existe unas relaciones respetuosas y constructivas y una comunicaci\u00f3n apropiada y oportuna de las decisiones de todos los miembros de los diferentes \u00f3rganos del Gobierno Educativo.<br \/>\n\u2022 Evidencia de que Actuaci\u00f3n y decisiones del Consejo Directivo en correspondencia con el horizonte Institucional.<br \/>\n\u2022 existe claridad y coherencia de la Organizaci\u00f3n Administrativa adoptada con el P.E.I. que asegure el funcionamiento eficiente de la Instituci\u00f3n.<br \/>\n\u2022 Apropiaci\u00f3n por parte de la comunidad educativa de la compresi\u00f3n y aplicaci\u00f3n de los procesos: Apoyo financiero y contable, apoyo de gesti\u00f3n acad\u00e9mica, administraci\u00f3n de recursos f\u00edsicos, administraci\u00f3n de planta f\u00edsica y servicios completarlos orientados a facilitar la coordinaci\u00f3n e integraci\u00f3n de los procesos institucionales y la inclusi\u00f3n de la I.E en los contextos local y regional.<br \/>\n\u2022 Documento escrito y adoptado por el consejo Directivo con la definici\u00f3n de todos los aspectos de la Gesti\u00f3n Administrativa y Financiera.<br \/>\n\u2022Documento escrito y adoptado por el consejo Directivo con la definici\u00f3n de todos los aspectos de la Gesti\u00f3n directiva y\/o horizonte institucional.<br \/>\n2008<\/p>\n<p>\u2022 Socializaci\u00f3n, Conocimiento e Interiorizaci\u00f3n del perfil del estudiante a trav\u00e9s de medios de comunicaci\u00f3n, previa identificaci\u00f3n para informar actividades y motivar a los diversos miembros de la comunidad educativa (Manual de convivencia, Modulo estudiantil, charlas en las horas de valores y l\u00fadicas) para vivenciar a diario al alumno Proceriano.<\/p>\n<p>\u2022 Conformaci\u00f3n del Consejo de Padres<br \/>\nOmar Torres<br \/>\nThais Avenda\u00f1o<br \/>\nWilson Pinz\u00f3n<br \/>\nGiovanny Reyes<br \/>\nRebeca Pineda<br \/>\nMyriam Orozco<br \/>\nLidia Espinosa<br \/>\nLesly Boh\u00f3rquez<br \/>\nAna \u00c1lvarez<br \/>\nEvangelina Alfonso<br \/>\nCesar Corzo<br \/>\nMaryha Greco<br \/>\nPatricia Bedoya<br \/>\nAlba S\u00e1nchez<br \/>\nAndrea Sol\u00f3rzano<br \/>\nAmparo L\u00e1zaro<br \/>\nEsperanza Mesa<\/p>\n<p>\u2022 Planeaci\u00f3n, Organizaci\u00f3n y Socializaci\u00f3n y Evaluaci\u00f3n del Modelo Pedag\u00f3gico al personal docente avalado por el Consejo Acad\u00e9mico.<\/p>\n<p>\u2022 Planeaci\u00f3n, Organizaci\u00f3n y Socializaci\u00f3n. La comunidad educativa reconoce y hace evidente las diferentes acciones, planes y proyectos institucionales est\u00e1n articulados entre s\u00ed y responden al direccionamiento estrat\u00e9gico.<\/p>\n<p>\u2022 La cultura institucional deseada se evidencia en las acciones y comportamientos de los diferentes equipos de trabajo y es considerado un componente fundamental de los diferentes proyectos de la instituci\u00f3n.<\/p>\n<p>\u2022 Los proyectos se socializan y se evidencian sus resultados a trav\u00e9s de procesos comunicativos en la Feria de Proyectos que se lleva a cabo al final del per\u00edodo.<\/p>\n<p>\u2022 Cuenta con la participaci\u00f3n de los diferentes establecimientos de la comunidad educativa.<br \/>\n\u2022 Los resultados de las evaluaciones de los estudiantes y la evaluaci\u00f3n de desempe\u00f1o docente y del personal administrativo se analizan conjuntamente como parte fundamental del proceso institucional.<br \/>\n\u2022 Se eval\u00faan los procedimientos y actitudes propuestas para el mejoramiento institucional.<\/p>\n<p>2009<br \/>\n\u2022 Existe, se aplica y eval\u00faa peri\u00f3dicamente un plan de estudio coherente con lo establecido con el PEI y lo emanado con el MEN, con transversalidad en sus proyectos pedag\u00f3gicos establecidos y contextualizados por la instituci\u00f3n; trabajados con transversalidad as\u00ed como los est\u00e1ndares por competencias ciudadanas, laborales y b\u00e1sicos generales y espec\u00edficas, a su vez regidos bajo unos par\u00e1metros de evaluaci\u00f3n constante con el fin de lograr en nuestros estudiantes un mejoramiento en su calidad educativa, este es flexible y abierto al cambio.<\/p>\n<p>Conformaci\u00f3n del Consejo de Padres<br \/>\nFrancisco Maturana<br \/>\nBelkys Mireya Contreras<br \/>\nZoraida Puerto<br \/>\nLurliny Perdomo<br \/>\nMiguel Varela<br \/>\nElizabeth reguero<br \/>\nAndrea Sol\u00f3rzano<br \/>\nRosa Mar\u00eda Pati\u00f1o<br \/>\nAlberto Olarte<br \/>\nLiliana Barajas<br \/>\nAndrea Pineda<\/p>\n<p>\u2022 Las evaluaciones se lleva a cabo controlando diferentes variables ajustando y retroalimentando los procesos educativos evidenciando en los resultados del estudiantado.<br \/>\n\u2022 Hacer seguimiento cuantitativo a los resultados de las pr\u00e1cticas de aula y desplegar el diagn\u00f3stico de resultado de las pruebas censales a diario<br \/>\n\u2022 Nuestra instituci\u00f3n cuenta con una dotaci\u00f3n de material tecnol\u00f3gico y did\u00e1ctico as\u00ed como talento humano capacitado que permite mejorar el proceso y avance en las pr\u00e1cticas diarias de aprendizaje.<\/p>\n<p>Se logr\u00f3 un resultado en las pruebas censales ICFES nivel institucional de Superior, logrando la meta, esperada<\/p>\n<p>\u2022 Se inici\u00f3 trabajo con web colegio, prestando apoyo a los estudiantes, padres de familia maestros.<\/p>\n<p>\u2022 El seguimiento sistematizado de los resultados acad\u00e9micos cuenta con indicadores y mecanismos claros de retroalimentaci\u00f3n para estudiantes, padres de familia y pr\u00e1cticas docentes.<\/p>\n<p>\u2022 Se implementa, eval\u00faa constantemente el apoyo pedag\u00f3gico desde los programas acad\u00e9micos implementando acciones constantes para los casos con bajo rendimiento evidenciado en el soporte interinstitucional.<\/p>\n<p>2010<\/p>\n<p>\u2022 Conformaci\u00f3n Consejo de Padres<br \/>\nMayerli Ram\u00edrez<br \/>\nMarisol Mantilla<br \/>\nAndrea Rueda<br \/>\nGladys Rueda<br \/>\nLiliana Barajas<br \/>\nJaime Bustamante<br \/>\nGiovanny Pe\u00f1aloza<br \/>\nSandra Ram\u00edrez<br \/>\nJes\u00fas Contreras<br \/>\nGustavo Quintero<br \/>\nElizabeth Reguera<br \/>\nRoc\u00edo Rodr\u00edguez de Mendoza<\/p>\n<p>\u2022 los proyectos fueron socializados en forma l\u00fadica \u2013 pedag\u00f3gico y con est\u00e1n fueron:<br \/>\nEducaci\u00f3n Sexual, Democracia y Medio Ambiente.<br \/>\nPrevenci\u00f3n de Desastres, Educaci\u00f3n Vial.<br \/>\nInterculturalidad (Afro colombiano, Santanderino, Proceriano).<br \/>\nDeporte, recreaci\u00f3n y aprovechamiento del tiempo libre, L\u00fadico.<br \/>\nEducaci\u00f3n c\u00edvica y Urbanidad, Valores.<\/p>\n<p>\u2022 Adopci\u00f3n del decreto 1290 de abril 16 del 2009 EVALUACI\u00d3N DEL APRENDIZAJE Y PROMOCI\u00d3N DE LOS ESTUDIANTES DE EDUCACI\u00d3N B\u00c1SICA Y MEDIA.<\/p>\n<p>\u2022 Jornadas deportivas, intercolegiados e interclases.<\/p>\n<p>\u2022 Olimpiadas de ciencias naturales de la mano con la ciencia, donde participan todos los estudiantes padres de familia y docentes en la feria de la ciencia y la creatividad.<\/p>\n<p>\u2022 Celebraci\u00f3n del bicentenario con un Carrusel Hist\u00f3rico donde sobresali\u00f3 el ingenio y la creatividad.<\/p>\n<p>\u2022 Proyecto y experiencias significativas.<\/p>\n<p>\u2022 Celebraci\u00f3n de los 25 a\u00f1os de la instituci\u00f3n Colegio Los Pr\u00f3ceres 1985-2010 donde hubo una gran participaci\u00f3n de padres de familia, docentes, estudiantes, ex alumnos, en los diferentes eventos culturales, deportivos y art\u00edsticos.<\/p>\n<p>\u2022 Condecoraci\u00f3n a nuestra querida Rectora Especialista Cecilia Novoa de Ardila por su entrega y educaci\u00f3n durante estos 25 a\u00f1os.<\/p>\n<p>\u2022 Adopci\u00f3n del Decreto n\u00famero 366 de 2009, por medio del cual se reglamenta la organizaci\u00f3n del servicio de apoyo pedag\u00f3gico para la atenci\u00f3n de los estudiantes con discapacidad y con capacidades o con talentos excepcionales en el marco de la educaci\u00f3n inclusiva.<\/p>\n<p>\u2022 Estudiantes con dificultades cognitivas Paola parada, Julio Machuca, In\u00e9s Mar\u00eda Correa, Luisa Fernanda Pe\u00f1aloza. Los cuales han alcanzado una superaci\u00f3n acad\u00e9mica notoria.<\/p>\n<p>2011<\/p>\n<p>\u2022 Conformaci\u00f3n consejo de Padres<br \/>\nTatiana Ospina<br \/>\nRossy Ayala<br \/>\nElsy Liliana Gonz\u00e1lez<br \/>\nMar\u00eda Eugenia Parra<br \/>\nV\u00edctor Manuel Ortega<br \/>\nGiovanny Pe\u00f1aloza<br \/>\nGraciela Ardila<br \/>\nLidia Espinosa<br \/>\nNubia L\u00f3pez<br \/>\nSergio Espinosa<\/p>\n<p>\u2022 Se llev\u00f3 a cabo la primera revocatoria de mandato a la Personera Natalia Ibarra Ariza remplazada por Sergio Mart\u00ednez.<\/p>\n<p>\u2022 Participaci\u00f3n en la c\u00e1mara junior donde los alumnos sobresalieron por su excelente desempe\u00f1o en oratoria, ensayo, art\u00edstica.<\/p>\n<p>\u2022 Se retomaron nuevamente la inauguraci\u00f3n de los Juegos Interclase, Magno evento representando los juegos Panamericanos en el coliseo Toto Hern\u00e1ndez.<\/p>\n<p>\u2022 Se abri\u00f3 la p\u00e1gina web en Amarillas Internet.<\/p>\n<p>\u2022 Se implementaron los tics de la comunicaci\u00f3n y se adquiri\u00f3 material tecnol\u00f3gico como tableros inteligentes<\/p>\n<p>2012<\/p>\n<p>\u2022 Conformaci\u00f3n Consejo de Padres<br \/>\nTeresa Schiappa<br \/>\nEdith Barrera<br \/>\nClaudia Fl\u00f3rez<br \/>\nSonia Duarte<br \/>\nAndrea Rueda<br \/>\nLeydi Mulford<br \/>\nDurbin Soledad<br \/>\nLurliny Perdomo<br \/>\nLuis Alberto Rangel<br \/>\nSandra Ram\u00edrez<br \/>\nGloria<br \/>\nJuana Navarro<br \/>\nJaime Bustamante<br \/>\nGiovanny Reyes<\/p>\n<p>\u2022 Se capacit\u00f3 a los padres de familia en el SIA.<\/p>\n<p>Se cre\u00f3 el Facebook del colegio.<\/p>\n<p>\u2022 En mayo se celebr\u00f3 el d\u00eda de las madres en el auditorio de la universidad Francisco de Paula Santander<\/p>\n<p>\u2022 La realizaci\u00f3n de intercalases fue todo un \u00e9xito, el tema: regiones colombianas.<\/p>\n<p>\u2022 Celebramos con gran \u00e9xito la feria empresarial donde los alumnos derrocharon su ingenio y creatividad.<\/p>\n<p>\u2022 Se adecu\u00f3 la sala de inform\u00e1tica para preescolar, primero y segundo.<\/p>\n<p>\u2022 Los docentes del \u00e1rea de lengua, f\u00edsica y sociales fueron condecorados por los alumnos del grado 11, reconociendo la entrega y dedicaci\u00f3n.<\/p>\n<p>\u2022 Evaluaci\u00f3n a docentes por parte de la directiva y la coordinaci\u00f3n en busca de la excelencia.<\/p>\n<p>\u2022 Conversatorio en la Papeler\u00eda Panamericana con alumnos de b\u00e1sica primaria.<\/p>\n<p>2013<\/p>\n<p>\u2022 Conformaci\u00f3n Consejo de Padres<br \/>\nJaime Bustamante<br \/>\nAndrea Rueda<br \/>\nSandra Ram\u00edrez<br \/>\nEsperanza Rangel<br \/>\nGiovanny Reyes<br \/>\nDoris Sandoval<br \/>\nIsidro Espejo<br \/>\nPilar Bar\u00f3n<br \/>\nLuis Alexander Pinz\u00f3n<br \/>\nDelmiro Paternina<br \/>\nEvangelina Vel\u00e1squez<br \/>\nCruz<\/p>\n<p>\u2022 Restructuraci\u00f3n bloque A, ampliando aulas para el desarrollo integral de los ni\u00f1os y ni\u00f1as de preescolar tales como: el gimnasio, ludoteca.<\/p>\n<p>\u2022 Adecuaci\u00f3n de la sala de computaci\u00f3n para preescolar, primero, segundo y tercero.<\/p>\n<p>\u2022 Adecuaron espacios recreativos en la calle 4 y en la calle 5.<br \/>\nCalle 4 se ubic\u00f3 la casita pedag\u00f3gica y los columpios<br \/>\nCalle 5, piscina de pelotas y rodadero.<\/p>\n<p>\u2022 La zona del patio de preescolar se adecu\u00f3 con espejos para realizar danzas, l\u00fadicas y teatro.<\/p>\n<p>\u2022 Se abri\u00f3 un nuevo correo del colegio para identificarlo de una forma empresarial denominado Colproceres@gmail.com, coordinaci\u00f3n tambi\u00e9n tiene su nuevo correo coordinacioncolpro@gmail.com<\/p>\n<p>\u2022 Se cre\u00f3 el proyecto SANTANDER para reforzar el sentido de pertenencia hacia la instituci\u00f3n.<\/p>\n<p>\u2022 Ajustes al PEI, espec\u00edficamente Misi\u00f3n y Visi\u00f3n.<\/p>\n<p>\u2022 Ajustes en el \u00e1rea de gesti\u00f3n acad\u00e9mica<\/p>\n<p>\u2022 Socializaci\u00f3n del Biling\u00fcismo con la participaci\u00f3n de estudiantes desde preescolar hasta 11 grado<\/p>\n<p>\u2022 Intercambio cultural con un estudiante de Europa espec\u00edficamente de Alemania a trav\u00e9s del instituto E.F.S el estudiante se llama Tim Warner.<\/p>\n<\/div>\n<\/div>\n<p>&nbsp;<\/p>\n<p>2014.<\/p>\n<p>El Consejo de Padres es un \u00f3rgano de participaci\u00f3n de los padres de familia con el fin de\u00a0mejorar y encaminar la informaci\u00f3n de los procesos educativos que presta el Colegio Los\u00a0Pr\u00f3ceres, asegurando la continua participaci\u00f3n de los padres de familia en el transcurso de\u00a0todo el periodo educativo.<\/p>\n<p>Durante la Asamblea General, se da la elecci\u00f3n de los representantes por grado para el Consejo de Padres, siendo los siguientes padres de familia seleccionados.<\/p>\n<p>PREESCOLAR, Viviana Margarita S\u00e1nchez.<\/p>\n<p>GRADO PRIMERO Carlos Salamanca, Mar\u00eda Leonor Cordero.<\/p>\n<p>SEGUNDO GRADO. Maribel Melo y Jennifer Prieto.<\/p>\n<p>TERCER GRADO. Aydy Ascanio y Eddy barrera.<\/p>\n<p>GRADO CUARTO Carolina de Moros y Jacqueline Prada.<\/p>\n<p>QUINTO GRADO: Marisol Mantilla y Esperanza Orozco<\/p>\n<p>SEXTO GRADO: Andrea Chac\u00f3n y Geovanny Pe\u00f1aloza.<\/p>\n<p>S\u00c9PTIMO GRADO: Sandra Caicedo y Netty Var\u00f3n.<\/p>\n<p>GRADO OCTAVO: Amanda Perez y Giovanny Reyes.<\/p>\n<p>GRADO NOVENO: Zoraida Ortega y Jaime Bustamante.<\/p>\n<p>GRADO D\u00c9CIMO: Alberto Ram\u00edrez y Susaine Perdomo.<\/p>\n<p>UND\u00c9CIMO GRADO: Sandra Ram\u00edrez y Jairo Laguado.<\/p>\n<p>El colegio los Pr\u00f3ceres, como formador de l\u00edderes que logren transformar la sociedad, le apunta y trabaja para alcanzar los mejores resultados en el proceso acad\u00e9mico y en las pruebas externas, durante el a\u00f1o 2014, la instituci\u00f3n se mantuvo en el nivel muy superior y continua dise\u00f1ando estrategias para mantener y superar los resultados obtenidos a\u00f1o a a\u00f1o.<\/p>\n<p>El colegio llev\u00f3 a cabo la promoci\u00f3n de 15 bachilleres.<\/p>\n<p><strong>MEJOR BACHILLER: Michael Alberto Contreras Ram\u00edrez.<\/strong><\/p>\n<p>TRES MEJORES ICFES<\/p>\n<p>PRIMER PUESTO: Carlos Alejandro Ibarra Ariza.<\/p>\n<p>SEGUNDO PUESTO:\u00a0Michael Alberto Contreras Ram\u00edrez.<\/p>\n<p>TERCER PUESTO:\u00a0Andrea del Pilar Serrano Marles.<\/p>\n<p><strong>Personero: Jefferson Moreno Puerto.<\/strong><\/p>\n<p><img loading=\"lazy\" decoding=\"async\" class=\"aligncenter\" src=\"https:\/\/colproceres.edu.co\/web\/wp-content\/uploads\/2019\/07\/innnfooo2014.jpg\" width=\"197\" height=\"305\" \/><\/p>\n<p>2015.<\/p>\n<p><strong>CONSEJO DE PADRES<\/strong><\/p>\n<p>JAIME BUSTAMANTE PRESIDENTE (GRADO S\u00c9PTIMO Y D\u00c9CIMO)<\/p>\n<p>SAYURI MILENA QUINTERO SECRETARIA (GRADO S\u00c9PTIMO)<\/p>\n<p>CLAUDIA PATRICIA HERN\u00c1NDEZ JARD\u00cdN<\/p>\n<p>VICTORIA REY JARD\u00cdN<\/p>\n<p>PAOLA OCAMPO TRANSICI\u00d3N<\/p>\n<p>MARY BEL\u00c9N P\u00c9REZ PRIMERO<\/p>\n<p>CARLOS ENRIQUE SALAMANCA SEGUNDO<\/p>\n<p>INGRID XIOMARA SAYAGO SEGUNDO<\/p>\n<p>\u00c1NGELA ROSA MENDOZA TERCERO<\/p>\n<p>NHORA CONTRERAS SOLANO TERCERO<\/p>\n<p>DUARYS ELIANA MART\u00cdNEZ CUARTO<\/p>\n<p>EDITH BARRERA SERRANO CUARTO.<\/p>\n<p>ANDREINA CASTRO QUINTO.<\/p>\n<p>CAROLINA CONTRERAS QUINTO.<\/p>\n<p>ESPERANZA RANGEL SEXTO.<\/p>\n<p>MAR\u00cdA AMPARO MALDONADO SEXTO.<\/p>\n<p>NETTY VAR\u00d3N OCTAVO.<\/p>\n<p>SOCORRO CAMERO OCTAVO.<\/p>\n<p>AMANDA VALENCIA NOVENO.<\/p>\n<p>MAR\u00cdA DEL PILAR MART\u00cdNEZ NOVENO.<\/p>\n<p>ROSALBA CH\u00c1VEZ D\u00c9CIMO.<\/p>\n<p>SUZAINE CASTILLO ONCE.<\/p>\n<p>CIELO REALES ONCE.<\/p>\n<p>&nbsp;<\/p>\n<p><strong>CONSEJO DIRECTIVO.<\/strong><\/p>\n<p>ANA CECILIA NOVOA DE ARDILA RECTORA<\/p>\n<p>NETTY VAR\u00d3N REPRESENTANTE DE LOS PADRES<\/p>\n<p>CARLOS SALAMANCA REPRESENTANTE DE LOS PADRES<\/p>\n<p>KAREN BOADA REPRESENTANTE DE LOS DOCENTES<\/p>\n<p>GISELA DUARTE REPRESENTANTE DE LOS DOCENTES<\/p>\n<p>ANG\u00c9LICA CASANOVA REPRESENTANTE DE LOS ESTUDIANTES<\/p>\n<p>JOS\u00c9 ANTONIO HERN\u00c1NDEZ REPRESENTANTE DE LOS EXALUMNOS<\/p>\n<p>&nbsp;<\/p>\n<p><strong>COMIT\u00c9 DE EVALUACI\u00d3N Y PROMOCI\u00d3N.<\/strong><\/p>\n<p>PREJARD\u00cdN y JARD\u00cdN: CLAUDIA HERN\u00c1NDEZ.<\/p>\n<p>TRANSICI\u00d3N \u2013 PAOLA OCAMPO.<\/p>\n<p>PRIMERO \u2013 MARY BEL\u00c9N P\u00c9REZ.<\/p>\n<p>SEGUNDO \u2013 \u00a0XIOMARA SAYAGO.<\/p>\n<p>TERCERO \u2013 \u00a0NHORA CONTRERAS SOLANO.<\/p>\n<p>CUARTO \u2013 \u00a0EDITH BARRERA.<\/p>\n<p>QUINTO \u2013 \u00a0ANDREINA CASTRO.<\/p>\n<p>SEXTO \u2013 MAR\u00cdA AMPARO MALDONADO.<\/p>\n<p>S\u00c9PTIMO \u2013 SAYURI QUINTERO.<\/p>\n<p>OCTAVO \u2013 SOCORRO CAMERO.<\/p>\n<p>NOVENO \u2013 AMANDA VALENCIA.<\/p>\n<p>D\u00c9CIMO \u2013 ROSALBA CH\u00c1VEZ.<\/p>\n<p>ONCE \u2013 CIELO REALES.<\/p>\n<p>Para este a\u00f1o, el Colegio los Pr\u00f3ceres, otorg\u00f3 el t\u00edtulo de bachilleres acad\u00e9micos a 19 estudiantes, manteniendo muy buenos resultados en las pruebas externas, con lo que logramos mantener el nivel de la instituci\u00f3n; dentro del grupo de bachilleres se destacaron:<\/p>\n<p><strong>MEJOR BACHILLER 2015:\u00a0Yislem Alejandra Olave Suarez.<\/strong><\/p>\n<p>TRES MEJORES ICFES.<\/p>\n<p>PRIMER PUESTO: Yislem Alejandra Olave Suarez.<\/p>\n<p>SEGUNDO PUESTO: Luis Jos\u00e9 Boh\u00f3rquez Estupi\u00f1an.<\/p>\n<p>TERCER PUESTO: Jhonier Andr\u00e9s Moreno Duarte.<\/p>\n<p><strong>Personero:\u00a0Jhocyo Verano Castillo.<\/strong><\/p>\n<p><img loading=\"lazy\" decoding=\"async\" class=\"\" src=\"https:\/\/colproceres.edu.co\/web\/wp-content\/uploads\/2019\/07\/innfooo2015.jpg\" width=\"166\" height=\"257\" \/><img loading=\"lazy\" decoding=\"async\" class=\"\" src=\"https:\/\/colproceres.edu.co\/web\/wp-content\/uploads\/2019\/07\/info-2015.jpg\" width=\"348\" height=\"265\" \/><\/p>\n<p>2016.<\/p>\n<p>El colegio Los Pr\u00f3ceres dispone de una formaci\u00f3n que prioriza la educaci\u00f3n para la transformaci\u00f3n de la sociedad, desde un liderazgo con criterio acad\u00e9mico, asertivo y con calidad humana.<\/p>\n<p>Brindamos un \u00e9nfasis en asignaturas en el marco de la Lectura Cr\u00edtica, el manejo de competencias y el desarrollo de habilidades investigativas, que le permite a nuestros estudiantes \u00f3ptimos resultados en las pruebas externas. Los egresados del Colegio los Pr\u00f3ceres, cuentan con habilidades comunicativas e interpretativas que les permiten desenvolverse con mayor facilidad en el \u00e1mbito universitario.<\/p>\n<p><strong>CONSEJO DE PADRES<\/strong><\/p>\n<p>Luz Elena Mogollon.<\/p>\n<p>Mariel Chacon.<\/p>\n<p>Carolina Contreras.<\/p>\n<p>Virmaria Solias Villalta.<\/p>\n<p>Olga Elena S\u00e1nchez B.<\/p>\n<p>V\u00edctor Alfonso Silva.<\/p>\n<p>Yonnalber Bautista.<\/p>\n<p>Carmen Cilenia Meza.<\/p>\n<p>Carlos Salamanca.<\/p>\n<p>Mariela Cala.<\/p>\n<p>Mar\u00eda Audelina Camargo.<\/p>\n<p>\u00c1ngela Rosa Mendoza.<\/p>\n<p>Edith Barrera.<\/p>\n<p>Hannet Vel\u00e1squez.<\/p>\n<p>Bella Camille Duran.<\/p>\n<p>Omaira Sandoval Nieto.<\/p>\n<p>Marlyn Porras.<\/p>\n<p>Enid Osorio.<\/p>\n<p>Sayury Milena Quintero.<\/p>\n<p>Giovanny Pe\u00f1aloza.<\/p>\n<p>Netty Var\u00f3n.<\/p>\n<p>Claudia Vega.<\/p>\n<p>Mar\u00eda Mart\u00ednez.<\/p>\n<p>Giovanny Reyes.<\/p>\n<p>Jaime Bustamante.<\/p>\n<p>Presidente: Jaime Bustamante<\/p>\n<p>Secretaria: Sayuri Milena Quintero.<\/p>\n<p>&nbsp;<\/p>\n<p><strong>CONSEJO DIRECTIVO<\/strong><\/p>\n<p>Rectora: Ana Cecilia Novoa de Ardila.<\/p>\n<p>Representantes de los docentes: Jefferson Torres y\u00a0Rafael Alberto Jaramillo.<\/p>\n<p>Representante de los Padres: Jaime Bustamante y\u00a0Mar\u00eda Audelina Camargo.<\/p>\n<p>Representante de los Estudiantes: Sebasti\u00e1n Moros -revocatoria.\u00a0Brenda Montes<\/p>\n<p>Secretario: Jefferson Torres.<\/p>\n<p>&nbsp;<\/p>\n<p><strong>CONSEJO ACAD\u00c9MICO.<\/strong><\/p>\n<p>Ordo\u00f1ez Correa Paola Alexandra.<\/p>\n<p>Geraldyne Andrea Guti\u00e9rrez Pab\u00f3n.<\/p>\n<p>Julymar Stefanny Triana Carrillo.<\/p>\n<p>Nubia Esperanza Prato Abril.<\/p>\n<p>Nancy Serrano Silva.<\/p>\n<p>Myriam Xiomara Barrera Jaimes.<\/p>\n<p>Ariadna Manrique Valero.<\/p>\n<p>Gisela Ivonne Duarte Ni\u00f1o.<\/p>\n<p>Edith Carolina Serrano Serrano.<\/p>\n<p>Karen Julieth Boada Silva.<\/p>\n<p>Cesar Orlando Torres Garc\u00eda.<\/p>\n<p>Claudia Ardila Novoa.<\/p>\n<p>Jefferson Torres.<\/p>\n<p>Rafael Alberto Jaramillo.<\/p>\n<p>Jorge Nicol\u00e1s Chona.<\/p>\n<p>Faride Consuelo Gomez Gomez.<\/p>\n<p>Lady Alexandra Gelves Ortega.<\/p>\n<p>Fabian Alberto Rangel Barajas.<\/p>\n<p>Sergio Enrique Sanmiguel Mu\u00f1oz.<\/p>\n<p>Secretario: Myriam Xiomara Barrera.<\/p>\n<p>&nbsp;<\/p>\n<p><strong>COMIT\u00c9 DE EVALUACI\u00d3N Y PROMOCI\u00d3N.<\/strong><\/p>\n<p>Luz Elena Mogollon \u2013 Pre-jard\u00edn y Jard\u00edn.<\/p>\n<p>Virmaria Solias Villalta \u2013 Transici\u00f3n<\/p>\n<p>Olga Elena S\u00e1nchez B. \u2013 Primero.<\/p>\n<p>Yonnalber Bautista \u2013 Segundo.<\/p>\n<p>Carlos Salamanca. \u2013 Tercero.<\/p>\n<p>Mar\u00eda Audelina Camargo \u2013 Cuarto.<\/p>\n<p>Edith Barrera \u2013 Quinto.<\/p>\n<p>Omaira Sandoval Nieto \u2013 Sexto.<\/p>\n<p>Enid Osorio \u2013 \u00a0S\u00e9ptimo.<\/p>\n<p>Sayury Milena Quintero \u2013 \u00a0Octavo.<\/p>\n<p>Netty Var\u00f3n \u2013 \u00a0Noveno.<\/p>\n<p>Mar\u00eda Mart\u00ednez \u2013 D\u00e9cimo.<\/p>\n<p>Jaime Bustamante \u2013 Once.<\/p>\n<p>Secretaria: Ariadna Manrique.<\/p>\n<p>El Colegio los Pr\u00f3ceres, otorg\u00f3 el t\u00edtulo de bachilleres acad\u00e9micos a 23\u00a0estudiantes, manteniendo muy buenos resultados en las pruebas externas, con lo que logramos ubicarnos en el nivel A+;\u00a0dentro del grupo de bachilleres se destacaron:<\/p>\n<p><strong>MEJOR BACHILLER 2016:\u00a0Jes\u00fas Alberto Tovar Ortega<\/strong><\/p>\n<p>TRES MEJORES ICFES<\/p>\n<p>PRIMER PUESTO:\u00a0Daniel Juli\u00e1n Bustamante Arenas.<\/p>\n<p>SEGUNDO PUESTO:\u00a0Daniel Alberto Barrientos Rivera.<\/p>\n<p>TERCER PUESTO:\u00a0Juan David Corredor Rueda.<\/p>\n<p><strong>Personero: Jhordan Jhafib Rueda Perdomo<\/strong><\/p>\n<p><img loading=\"lazy\" decoding=\"async\" class=\"\" src=\"https:\/\/colproceres.edu.co\/web\/wp-content\/uploads\/2019\/07\/INFO-2016.jpg\" width=\"288\" height=\"213\" \/><img decoding=\"async\" src=\"https:\/\/i0.wp.com\/colproceres.edu.co\/portal\/wp-content\/uploads\/2014\/05\/innfooo2016.jpg?resize=192%2C300&amp;ssl=1\" \/>[\/vc_column_text][\/vc_tta_section][\/vc_tta_tabs][\/vc_column][\/vc_row][vc_row][vc_column]<div class=\"thim-widget-heading template-base\"><div class=\"sc_heading  text-center\"><h3 class=\"title\">S\u00edmbolos <strong>Institucionales<\/strong><\/h3><\/div><\/div>[vc_row_inner][vc_column_inner width=\u00bb1\/2&#8243;][vc_column_text]<\/p>\n<h3 class=\"thim-text-title\">BANDERA<\/h3>\n<p><img decoding=\"async\" class=\"alignleft\" src=\"https:\/\/colproceres.edu.co\/web\/wp-content\/uploads\/2019\/07\/image001.png\" \/>La conforman dos franjas iguales de colores.<\/p>\n<p>AMARILLO: nos indican las grandes riquezas en conocimientos que les impartimos a los estudiantes; conocimientos que fortalecer\u00e1 a trav\u00e9s de la investigaci\u00f3n, el est\u00edmulo, la creaci\u00f3n art\u00edstica, desarrollo de la capacidad cr\u00edtica, reflexiva y anal\u00edtica que fortalece el avance cient\u00edfico y tecnol\u00f3gico, mejoramiento de la calidad de vida de la poblaci\u00f3n y la participaci\u00f3n en b\u00fasqueda de alternativas de soluci\u00f3n a los problemas del pa\u00eds, de la regi\u00f3n, del hogar y de los suyos propios y que ellos construyen d\u00eda a d\u00eda, para poderlas aplicar en cada uno de los saberes, que lo identificar\u00e1n como verdaderos procerianos.<\/p>\n<p>MARR\u00d3N: son cada uno de los territorios que nuestros estudiantes deben ir trabajando para su formaci\u00f3n personas, dentro de estos procesos est\u00e1, la preservaci\u00f3n de la salud, la higiene, la prevenci\u00f3n de enfermedades, la educaci\u00f3n f\u00edsica, la recreaci\u00f3n, el deporte y el aprovechamiento del tiempo libre; la b\u00fasqueda de la buena imagen de la instituci\u00f3n que se caracteriza por ser formadora de personas integradas y de liderazgo. Abrir\u00e1 caminos para garantizar los derechos, deberes y la dignidad de todas las personas que conforman la Comunidad Educativa del Colegio, para ello generar\u00e1 ambientes favorables para el trabajo donde haya espacios para disfrutar de la confianza entre las personas y desarrollar cr\u00edticas constructivas y as\u00ed lograr ser unos l\u00edderes que buscar\u00e1n la transformaci\u00f3n de la sociedad de una manera pac\u00edfica[\/vc_column_text][\/vc_column_inner][vc_column_inner width=\u00bb1\/2&#8243;][vc_column_text]<\/p>\n<h3 class=\"thim-text-title\">ESCUDO<\/h3>\n<p><img loading=\"lazy\" decoding=\"async\" class=\"alignleft\" src=\"https:\/\/colproceres.edu.co\/web\/wp-content\/uploads\/2019\/07\/escudo.png\" width=\"194\" height=\"194\" \/>El colegio los Pr\u00f3ceres adopto en 1985, a\u00f1o de su fundaci\u00f3n el escudo que lo identifica, cuya cara anterior consta de los rostros de los pr\u00f3ceres de la independencia, Sim\u00f3n Bol\u00edvar y Francisco de Paula Santander; separados por una franja de la bandera de Colombia.[\/vc_column_text][\/vc_column_inner][\/vc_row_inner][\/vc_column][\/vc_row][vc_row full_width=\u00bbstretch_row_content_no_spaces\u00bb css=\u00bb.vc_custom_1562862051525{background-color: #f7e4cb !important;}\u00bb][vc_column][vc_row_inner][vc_column_inner]<div class=\"thim-widget-heading template-base\"><div class=\"sc_heading  text-center\"><h3 class=\"title\"><strong>Himno<\/strong> Institucional<\/h3><span class=\"line\"><\/span><\/div><\/div>[\/vc_column_inner][\/vc_row_inner][vc_row_inner][vc_column_inner width=\u00bb1\/3&#8243;]<div class=\"thim-widget-heading template-base\"><div class=\"sc_heading  text-center\"><h3 class=\"title\">CORO<\/h3><span class=\"line\"><\/span><\/div><\/div>[vc_column_text]<\/p>\n<div style=\"text-align: center;\">Adelante, Adelante, Adelante<br \/>\nCon amor, con esfuerzo y en paz.<br \/>\nDelante que es en los pr\u00f3ceres<br \/>\nEn los pr\u00f3ceres es el punto inicial.<\/div>\n<p>[\/vc_column_text]<div class=\"thim-widget-heading template-base\"><div class=\"sc_heading  text-center\"><h3 class=\"title\">III<\/h3><span class=\"line\"><\/span><\/div><\/div>[vc_column_text]<\/p>\n<div style=\"text-align: center;\">Los alumnos, los padres y maestros<br \/>\nLlenaremos el espacio infinito<br \/>\nDe las dudas anhelos y esperanzas<br \/>\nCon que cuenta un joven de verdad<br \/>\nSer un joven de bien y de luchar.<\/div>\n<p>[\/vc_column_text][\/vc_column_inner][vc_column_inner width=\u00bb1\/3&#8243;]<div class=\"thim-widget-heading template-base\"><div class=\"sc_heading  text-center\"><h3 class=\"title\">I<\/h3><span class=\"line\"><\/span><\/div><\/div>[vc_column_text]<\/p>\n<div style=\"text-align: center;\">En los pr\u00f3ceres con singular \u00e9nfasis<br \/>\nEl alumno comienza a despertar<br \/>\nLos sentimientos m\u00e1s nobles del hombre<br \/>\nQue se encuentran en su alma dormidos<br \/>\nSon materia de amparo universal.<\/div>\n<p>[\/vc_column_text]<div class=\"thim-widget-heading template-base\"><div class=\"sc_heading  text-center\"><h3 class=\"title\">IV<\/h3><span class=\"line\"><\/span><\/div><\/div>[vc_column_text]<\/p>\n<div style=\"text-align: center;\">Regresar al colegio los pr\u00f3ceres<br \/>\nA llenar de recuerdo su mente<br \/>\nDel apoyo que vali\u00f3 la pena<br \/>\nY el esfuerzo que reforz\u00f3 el car\u00e1cter<br \/>\nY el amor de nuestro fundador.<\/div>\n<p>[\/vc_column_text][\/vc_column_inner][vc_column_inner width=\u00bb1\/3&#8243;]<div class=\"thim-widget-heading template-base\"><div class=\"sc_heading  text-center\"><h3 class=\"title\">II<\/h3><span class=\"line\"><\/span><\/div><\/div>[vc_column_text]<\/p>\n<div style=\"text-align: center;\">Bol\u00edvar es el genio de Am\u00e9rica<br \/>\nEs el norte del mundo espiritual<br \/>\nSantander es el nuestro y mas cercano<br \/>\nNos impulsa a crear con orgullo<br \/>\nEl sentido patriota de estudiar.<\/div>\n<p>[\/vc_column_text][\/vc_column_inner][\/vc_row_inner][vc_row_inner][vc_column_inner][vc_column_text]<\/p>\n<p style=\"text-align: center;\"><strong>LETRA:<\/strong> NICOL\u00c1S ECHEVERR\u00cdA FERN\u00c1NDEZ (Cucute\u00f1o)<br \/>\nALUMNO DE 5\u00ba, 1996.<br \/>\n<strong>M\u00daSICA:<\/strong> EDUARDO ALBURUA (Venezolano), Profesor de M\u00fasica.<br \/>\n<strong>PARTITURA:<\/strong> ERASMO NOVOA (Cucute\u00f1o) Profesor de coro e instrumentos de percusi\u00f3n y viento (tromb\u00f3n y trompeta)[\/vc_column_text][\/vc_column_inner][\/vc_row_inner][\/vc_column][\/vc_row]<\/p>\n<\/div>","protected":false},"excerpt":{"rendered":"<p>[vc_row][vc_column][\/vc_column][\/vc_row][vc_row css=\u00bb.vc_custom_1559531433775{margin-bottom: 15px !important;}\u00bb][vc_column width=\u00bb1\/2&#8243; css=\u00bb.vc_custom_1562860692881{margin-bottom: 30px !important;}\u00bb][vc_column_text] Misi\u00f3n El Colegio Los Pr\u00f3ceres forma l\u00edderes y transformadores de su entorno, por medio de la adquisici\u00f3n y vivencias de saberes, el desarrollo de competencias y la investigaci\u00f3n, con un \u00e9nfasis en &hellip; <\/p>\n","protected":false},"author":1,"featured_media":0,"parent":0,"menu_order":0,"comment_status":"closed","ping_status":"closed","template":"","meta":{"footnotes":""},"class_list":["post-11502","page","type-page","status-publish","hentry"],"_links":{"self":[{"href":"https:\/\/colproceres.edu.co\/web\/wp-json\/wp\/v2\/pages\/11502","targetHints":{"allow":["GET"]}}],"collection":[{"href":"https:\/\/colproceres.edu.co\/web\/wp-json\/wp\/v2\/pages"}],"about":[{"href":"https:\/\/colproceres.edu.co\/web\/wp-json\/wp\/v2\/types\/page"}],"author":[{"embeddable":true,"href":"https:\/\/colproceres.edu.co\/web\/wp-json\/wp\/v2\/users\/1"}],"replies":[{"embeddable":true,"href":"https:\/\/colproceres.edu.co\/web\/wp-json\/wp\/v2\/comments?post=11502"}],"version-history":[{"count":7,"href":"https:\/\/colproceres.edu.co\/web\/wp-json\/wp\/v2\/pages\/11502\/revisions"}],"predecessor-version":[{"id":11820,"href":"https:\/\/colproceres.edu.co\/web\/wp-json\/wp\/v2\/pages\/11502\/revisions\/11820"}],"wp:attachment":[{"href":"https:\/\/colproceres.edu.co\/web\/wp-json\/wp\/v2\/media?parent=11502"}],"curies":[{"name":"wp","href":"https:\/\/api.w.org\/{rel}","templated":true}]}}